{"id":122009,"date":"2021-03-18T14:13:41","date_gmt":"2021-03-18T13:13:41","guid":{"rendered":"https:\/\/z-bike.ch\/chi-siamo\/"},"modified":"2024-01-12T11:55:24","modified_gmt":"2024-01-12T10:55:24","slug":"uber-uns","status":"publish","type":"page","link":"https:\/\/z-bike.ch\/de\/uber-uns\/","title":{"rendered":"\u00dcber uns"},"content":{"rendered":"<section class=\"wpb-content-wrapper\"><p>[vc_row row_height_percent=&#8220;0&#8243; override_padding=&#8220;yes&#8220; h_padding=&#8220;2&#8243; top_padding=&#8220;6&#8243; bottom_padding=&#8220;6&#8243; back_color=&#8220;color-wayh&#8220; back_image=&#8220;118803&#8243; back_position=&#8220;center center&#8220; parallax=&#8220;yes&#8220; overlay_color=&#8220;color-wayh&#8220; overlay_alpha=&#8220;50&#8243; gutter_size=&#8220;3&#8243; column_width_percent=&#8220;100&#8243; shift_y=&#8220;0&#8243; z_index=&#8220;0&#8243; top_divider=&#8220;gradient&#8220; uncode_shortcode_id=&#8220;107586&#8243; back_color_type=&#8220;uncode-palette&#8220; overlay_color_type=&#8220;uncode-palette&#8220; el_class=&#8220;demo-section demo-hero&#8220;][vc_column column_width_percent=&#8220;100&#8243; position_vertical=&#8220;middle&#8220; gutter_size=&#8220;2&#8243; style=&#8220;dark&#8220; overlay_alpha=&#8220;50&#8243; shift_x=&#8220;0&#8243; shift_y=&#8220;0&#8243; shift_y_down=&#8220;0&#8243; z_index=&#8220;0&#8243; medium_width=&#8220;0&#8243; mobile_width=&#8220;0&#8243; width=&#8220;1\/1&#8243; uncode_shortcode_id=&#8220;839545&#8243;][vc_custom_heading heading_semantic=&#8220;h1&#8243; text_size=&#8220;fontsize-155944&#8243; text_weight=&#8220;900&#8243; text_transform=&#8220;uppercase&#8220; sub_lead=&#8220;yes&#8220; sub_reduced=&#8220;yes&#8220; uncode_shortcode_id=&#8220;884483&#8243;]\u00dcber uns[\/vc_custom_heading][uncode_breadcrumbs text_lead=&#8220;small&#8220; separator=&#8220;bullet&#8220; wc_breadcrumbs=&#8220;yes&#8220;][vc_empty_space empty_h=&#8220;0&#8243;][\/vc_column][\/vc_row][vc_row row_height_percent=&#8220;0&#8243; override_padding=&#8220;yes&#8220; h_padding=&#8220;0&#8243; top_padding=&#8220;2&#8243; bottom_padding=&#8220;2&#8243; back_color=&#8220;color-lxmt&#8220; overlay_alpha=&#8220;50&#8243; equal_height=&#8220;yes&#8220; gutter_size=&#8220;4&#8243; column_width_percent=&#8220;100&#8243; shift_y=&#8220;0&#8243; z_index=&#8220;0&#8243; inverted_device_order=&#8220;yes&#8220; uncode_shortcode_id=&#8220;382101&#8243; back_color_type=&#8220;uncode-palette&#8220; el_class=&#8220;intro-caratteristiche&#8220;][vc_column column_width_percent=&#8220;100&#8243; position_horizontal=&#8220;right&#8220; position_vertical=&#8220;middle&#8220; gutter_size=&#8220;2&#8243; override_padding=&#8220;yes&#8220; column_padding=&#8220;3&#8243; font_family=&#8220;font-339240&#8243; overlay_alpha=&#8220;50&#8243; shift_x=&#8220;0&#8243; shift_y=&#8220;0&#8243; shift_y_down=&#8220;0&#8243; z_index=&#8220;2&#8243; medium_width=&#8220;0&#8243; mobile_width=&#8220;0&#8243; width=&#8220;1\/1&#8243; uncode_shortcode_id=&#8220;108748&#8243;][vc_column_text uncode_shortcode_id=&#8220;614673&#8243;]<strong>Z-Bike<\/strong> ist vorreiter bei der schaffung einer nachhaltigen mobilit\u00e4t ohne grenzen, mit immer neuen l\u00f6sungen, die auch die gewohnheiten der nutzer ber\u00fccksichtigen. Das <strong>eBike<\/strong> ist nicht nur eine alternative zum verbrennungsmotor, sondern stellt die zukunft der mobilit\u00e4t dar.[\/vc_column_text][vc_empty_space][\/vc_column][\/vc_row][vc_row row_height_percent=&#8220;0&#8243; overlay_alpha=&#8220;50&#8243; gutter_size=&#8220;3&#8243; column_width_percent=&#8220;100&#8243; shift_y=&#8220;0&#8243; z_index=&#8220;0&#8243; uncode_shortcode_id=&#8220;558349&#8243; el_class=&#8220;titolo-evoluzione&#8220;][vc_column width=&#8220;1\/1&#8243;][vc_custom_heading text_size=&#8220;fontsize-155944&#8243; text_weight=&#8220;900&#8243; text_transform=&#8220;uppercase&#8220; uncode_shortcode_id=&#8220;160349&#8243;]Z-Bike, elektromobilit\u00e4t seit 2008[\/vc_custom_heading][\/vc_column][\/vc_row][vc_row row_height_percent=&#8220;0&#8243; overlay_alpha=&#8220;50&#8243; gutter_size=&#8220;3&#8243; column_width_percent=&#8220;100&#8243; shift_y=&#8220;0&#8243; z_index=&#8220;0&#8243; uncode_shortcode_id=&#8220;238882&#8243; el_class=&#8220;carosello-date&#8220;][vc_column column_width_percent=&#8220;100&#8243; gutter_size=&#8220;3&#8243; overlay_alpha=&#8220;50&#8243; shift_x=&#8220;0&#8243; shift_y=&#8220;0&#8243; shift_y_down=&#8220;0&#8243; z_index=&#8220;0&#8243; medium_width=&#8220;0&#8243; mobile_width=&#8220;0&#8243; width=&#8220;1\/1&#8243; uncode_shortcode_id=&#8220;110094&#8243;][vc_column_text uncode_shortcode_id=&#8220;651529&#8243;]<\/p>\n<h3>2008<\/h3>\n<hr class=\"slider_storia-start\" \/>\n<p>Der selbstproduzierte Z-Bike Shop Lugano er\u00f6ffnet[\/vc_column_text][vc_column_text uncode_shortcode_id=&#8220;904201&#8243;]<\/p>\n<h3>2010<\/h3>\n<hr \/>\n<p>Haibike produziert die ersten eMTBs. Der erste Bosh eBike motor wird geboren[\/vc_column_text][vc_column_text uncode_shortcode_id=&#8220;353429&#8243;]<\/p>\n<h3>2011<\/h3>\n<hr \/>\n<p>Design und Technologie von Gocycle und Stromer. Erste integrierte batterie[\/vc_column_text][vc_column_text uncode_shortcode_id=&#8220;118159&#8243;]<\/p>\n<h3>2014<\/h3>\n<hr \/>\n<p>Bosh optimiert seine eBike-systeme[\/vc_column_text][vc_column_text uncode_shortcode_id=&#8220;135136&#8243;]<\/p>\n<h3>2015<\/h3>\n<hr \/>\n<p>Yamaha bringt PW-Serie auf den markt<\/p>\n<p>[\/vc_column_text][vc_column_text uncode_shortcode_id=&#8220;213098&#8243;]<\/p>\n<h3>2016<\/h3>\n<hr \/>\n<p>Der ST2 S, das spitzenmodell der Baureihe, wird geboren[\/vc_column_text][vc_column_text uncode_shortcode_id=&#8220;201896&#8243;]<\/p>\n<h3>2018<\/h3>\n<hr \/>\n<p>Z-Bike best\u00e4tigt Nr. 1 im Tessin mit verkaufsstellen in Lugano Camorino, Locarno und Mendrisiotto[\/vc_column_text][\/vc_column][\/vc_row][vc_row unlock_row_content=&#8220;yes&#8220; row_height_percent=&#8220;0&#8243; override_padding=&#8220;yes&#8220; h_padding=&#8220;0&#8243; top_padding=&#8220;5&#8243; bottom_padding=&#8220;5&#8243; back_color=&#8220;color-lxmt&#8220; overlay_alpha=&#8220;50&#8243; equal_height=&#8220;yes&#8220; gutter_size=&#8220;4&#8243; column_width_percent=&#8220;100&#8243; shift_y=&#8220;0&#8243; z_index=&#8220;0&#8243; inverted_device_order=&#8220;yes&#8220; uncode_shortcode_id=&#8220;897910&#8243; back_color_type=&#8220;uncode-palette&#8220; el_class=&#8220;text-img-about prima-riga-about back-green&#8220;][vc_column column_width_percent=&#8220;100&#8243; gutter_size=&#8220;3&#8243; overlay_alpha=&#8220;50&#8243; shift_x=&#8220;0&#8243; shift_y=&#8220;0&#8243; shift_y_down=&#8220;0&#8243; z_index=&#8220;0&#8243; medium_width=&#8220;0&#8243; mobile_width=&#8220;0&#8243; width=&#8220;1\/2&#8243;][vc_single_image media=&#8220;118964&#8243; media_width_percent=&#8220;100&#8243; media_ratio=&#8220;three-two&#8220; uncode_shortcode_id=&#8220;354736&#8243;][\/vc_column][vc_column column_width_use_pixel=&#8220;yes&#8220; position_horizontal=&#8220;left&#8220; position_vertical=&#8220;middle&#8220; gutter_size=&#8220;2&#8243; override_padding=&#8220;yes&#8220; column_padding=&#8220;3&#8243; font_family=&#8220;font-339240&#8243; overlay_alpha=&#8220;50&#8243; shift_x=&#8220;0&#8243; shift_y=&#8220;0&#8243; shift_y_down=&#8220;0&#8243; z_index=&#8220;2&#8243; medium_width=&#8220;0&#8243; mobile_width=&#8220;0&#8243; width=&#8220;1\/2&#8243; column_width_pixel=&#8220;452&#8243; uncode_shortcode_id=&#8220;189021&#8243; el_class=&#8220;column-text-white&#8220;][vc_custom_heading text_size=&#8220;fontsize-155944&#8243; text_weight=&#8220;900&#8243; text_transform=&#8220;uppercase&#8220; uncode_shortcode_id=&#8220;131807&#8243;]Z-Bike, wie kommt das zustande?[\/vc_custom_heading][vc_column_text uncode_shortcode_id=&#8220;203031&#8243;]Z-Bike wurde dank herrn <strong>Jim Moser<\/strong>, ingenieur, besitzer und erfinder des <strong>ersten Elektrofahrrads im Tessin, geboren.<\/strong><\/p>\n<p>Hr. Moser wollte das normale elektrifizierte fahrrad <strong>revolutionieren<\/strong>, indem er es satt hatte, mit seinem muskul\u00f6sen fahrrad zu verschiedenen besprechungen und beruflichen verpflichtungen zu fahren, also dachte er sich gut daran, etwas zu erfinden, das auch die bewegung im verkehr beschleunigt b\u00fcrgerlich.<\/p>\n<p>Im Laufe der Jahre entstanden neue Unternehmen, die Hr. Moser kreiert <strong>immer aktuellere E-Bike-Modelle<\/strong> bis hin zu den futuristischsten und leistungsst\u00e4rksten Modellen, die wir auf Stra\u00dfen, Bergen und verschiedenen h\u00fcgeligen Routen sehen.[\/vc_column_text][vc_empty_space][\/vc_column][\/vc_row][vc_row unlock_row_content=&#8220;yes&#8220; row_height_percent=&#8220;0&#8243; override_padding=&#8220;yes&#8220; h_padding=&#8220;0&#8243; top_padding=&#8220;5&#8243; bottom_padding=&#8220;5&#8243; back_color=&#8220;color-lxmt&#8220; overlay_alpha=&#8220;50&#8243; equal_height=&#8220;yes&#8220; gutter_size=&#8220;4&#8243; column_width_percent=&#8220;100&#8243; shift_y=&#8220;0&#8243; z_index=&#8220;0&#8243; inverted_device_order=&#8220;yes&#8220; uncode_shortcode_id=&#8220;161942&#8243; back_color_type=&#8220;uncode-palette&#8220; el_class=&#8220;text-img-about text-img-about-2&#8243;][vc_column column_width_use_pixel=&#8220;yes&#8220; position_horizontal=&#8220;right&#8220; position_vertical=&#8220;middle&#8220; gutter_size=&#8220;2&#8243; override_padding=&#8220;yes&#8220; column_padding=&#8220;3&#8243; font_family=&#8220;font-339240&#8243; overlay_alpha=&#8220;50&#8243; shift_x=&#8220;0&#8243; shift_y=&#8220;0&#8243; shift_y_down=&#8220;0&#8243; z_index=&#8220;2&#8243; medium_width=&#8220;0&#8243; mobile_width=&#8220;0&#8243; width=&#8220;1\/2&#8243; column_width_pixel=&#8220;452&#8243; uncode_shortcode_id=&#8220;823995&#8243;][vc_custom_heading text_size=&#8220;fontsize-155944&#8243; text_weight=&#8220;900&#8243; text_transform=&#8220;uppercase&#8220; uncode_shortcode_id=&#8220;944982&#8243;]Tessiner referenz-shop[\/vc_custom_heading][vc_column_text uncode_shortcode_id=&#8220;100440&#8243;]Die Z-Bike-realit\u00e4t, die in <strong>Lugano<\/strong> ihren anfang nahm, hat sich mit der er\u00f6ffnung eines zweiten ladens in der region Bellinzona, genauer gesagt in <strong>Camorino<\/strong>, eines dritten in <strong>Mendrisio<\/strong> und eines vierten in <strong>Locarno<\/strong>, erweitert, um unser Tessiner gebiet besser abzudecken.<\/p>\n<p>Dieses wachstum hat es uns erm\u00f6glicht, sowohl im verkauf als auch im service und in der reparatur die n<strong>ummer 1 unter den elektroveloketten<\/strong> im Tessin zu werden.[\/vc_column_text][vc_empty_space][vc_button button_color=&#8220;accent&#8220; custom_typo=&#8220;yes&#8220; font_family=&#8220;font-314771&#8243; font_weight=&#8220;900&#8243; border_width=&#8220;0&#8243; link=&#8220;url:https%3A%2F%2Fz-bike.ch%2Fpages%2Fcontatti%2F&#8220; uncode_shortcode_id=&#8220;482516&#8243; button_color_type=&#8220;uncode-palette&#8220;]KONTAKTIERE UNS[\/vc_button][\/vc_column][vc_column column_width_percent=&#8220;100&#8243; gutter_size=&#8220;3&#8243; overlay_alpha=&#8220;50&#8243; shift_x=&#8220;0&#8243; shift_y=&#8220;0&#8243; shift_y_down=&#8220;0&#8243; z_index=&#8220;0&#8243; medium_width=&#8220;0&#8243; mobile_width=&#8220;0&#8243; width=&#8220;1\/2&#8243;][vc_single_image media=&#8220;118966&#8243; media_width_percent=&#8220;100&#8243; media_ratio=&#8220;three-two&#8220; uncode_shortcode_id=&#8220;480812&#8243;][\/vc_column][\/vc_row][vc_row row_height_percent=&#8220;0&#8243; override_padding=&#8220;yes&#8220; h_padding=&#8220;2&#8243; top_padding=&#8220;5&#8243; bottom_padding=&#8220;0&#8243; back_color=&#8220;color-662865&#8243; overlay_alpha=&#8220;50&#8243; gutter_size=&#8220;3&#8243; column_width_percent=&#8220;100&#8243; shift_y=&#8220;0&#8243; z_index=&#8220;2&#8243; uncode_shortcode_id=&#8220;134206&#8243; back_color_type=&#8220;uncode-palette&#8220; el_class=&#8220;riga-video-carosello&#8220;][vc_column column_width_use_pixel=&#8220;yes&#8220; position_vertical=&#8220;middle&#8220; align_horizontal=&#8220;align_center&#8220; gutter_size=&#8220;3&#8243; overlay_alpha=&#8220;50&#8243; shift_x=&#8220;0&#8243; shift_y=&#8220;0&#8243; shift_y_down=&#8220;-5&#8243; shift_y_down_fixed=&#8220;yes&#8220; z_index=&#8220;0&#8243; medium_width=&#8220;0&#8243; align_mobile=&#8220;align_center_mobile&#8220; mobile_width=&#8220;0&#8243; width=&#8220;1\/1&#8243; column_width_pixel=&#8220;900&#8243;][vc_row_inner][vc_column_inner column_width_use_pixel=&#8220;yes&#8220; align_horizontal=&#8220;align_center&#8220; gutter_size=&#8220;3&#8243; overlay_alpha=&#8220;50&#8243; shift_x=&#8220;0&#8243; shift_y=&#8220;0&#8243; shift_y_down=&#8220;0&#8243; z_index=&#8220;0&#8243; medium_width=&#8220;0&#8243; mobile_width=&#8220;0&#8243; width=&#8220;1\/1&#8243; column_width_pixel=&#8220;600&#8243;][vc_custom_heading heading_semantic=&#8220;h4&#8243; text_size=&#8220;fontsize-155944&#8243; text_weight=&#8220;900&#8243; uncode_shortcode_id=&#8220;211261&#8243; subheading=&#8220;Videos von eBike-erlebnissen&#8220;]Z-Bike stories:[\/vc_custom_heading][\/vc_column_inner][\/vc_row_inner][vc_row_inner row_inner_height_percent=&#8220;0&#8243; overlay_alpha=&#8220;50&#8243; gutter_size=&#8220;3&#8243; shift_y=&#8220;0&#8243; z_index=&#8220;0&#8243; uncode_shortcode_id=&#8220;402200&#8243; el_class=&#8220;galleria-video&#8220;][vc_column_inner column_width_use_pixel=&#8220;yes&#8220; gutter_size=&#8220;3&#8243; override_padding=&#8220;yes&#8220; column_padding=&#8220;0&#8243; overlay_alpha=&#8220;50&#8243; shift_x=&#8220;0&#8243; shift_y=&#8220;0&#8243; shift_y_down=&#8220;0&#8243; z_index=&#8220;0&#8243; medium_width=&#8220;0&#8243; mobile_width=&#8220;0&#8243; width=&#8220;1\/1&#8243; column_width_pixel=&#8220;900&#8243;][vc_gallery el_id=&#8220;gallery-923941&#8243; type=&#8220;carousel&#8220; medias=&#8220;122447,122445,122442&#8243; carousel_lg=&#8220;1&#8243; carousel_md=&#8220;1&#8243; carousel_sm=&#8220;1&#8243; gutter_size=&#8220;3&#8243; carousel_interval=&#8220;3000&#8243; carousel_navspeed=&#8220;400&#8243; carousel_loop=&#8220;yes&#8220; carousel_overflow=&#8220;yes&#8220; carousel_dots=&#8220;yes&#8220; stage_padding=&#8220;0&#8243; single_overlay_opacity=&#8220;50&#8243; single_padding=&#8220;2&#8243; uncode_shortcode_id=&#8220;118439&#8243;][\/vc_column_inner][\/vc_row_inner][\/vc_column][\/vc_row][vc_row row_height_percent=&#8220;0&#8243; override_padding=&#8220;yes&#8220; h_padding=&#8220;2&#8243; top_padding=&#8220;5&#8243; bottom_padding=&#8220;5&#8243; overlay_alpha=&#8220;50&#8243; gutter_size=&#8220;4&#8243; column_width_percent=&#8220;100&#8243; shift_y=&#8220;0&#8243; z_index=&#8220;0&#8243; uncode_shortcode_id=&#8220;180607&#8243; el_class=&#8220;titolo-back display-none&#8220;][vc_column column_width_use_pixel=&#8220;yes&#8220; position_vertical=&#8220;middle&#8220; align_horizontal=&#8220;align_center&#8220; gutter_size=&#8220;3&#8243; style=&#8220;dark&#8220; overlay_alpha=&#8220;50&#8243; shift_x=&#8220;0&#8243; shift_y=&#8220;0&#8243; shift_y_down=&#8220;0&#8243; z_index=&#8220;0&#8243; medium_width=&#8220;0&#8243; mobile_width=&#8220;0&#8243; width=&#8220;1\/1&#8243; column_width_pixel=&#8220;1000&#8243; uncode_shortcode_id=&#8220;768203&#8243;][vc_custom_heading text_color=&#8220;color-jevc&#8220; heading_semantic=&#8220;h4&#8243; text_size=&#8220;fontsize-155944&#8243; text_weight=&#8220;900&#8243; uncode_shortcode_id=&#8220;354107&#8243; text_color_type=&#8220;uncode-palette&#8220;]Z-Bike promuove la mobilit\u00e0 sostenibile[\/vc_custom_heading][\/vc_column][\/vc_row][vc_row row_height_percent=&#8220;0&#8243; override_padding=&#8220;yes&#8220; h_padding=&#8220;2&#8243; top_padding=&#8220;5&#8243; bottom_padding=&#8220;0&#8243; overlay_alpha=&#8220;50&#8243; equal_height=&#8220;yes&#8220; gutter_size=&#8220;3&#8243; column_width_percent=&#8220;100&#8243; shift_y=&#8220;0&#8243; z_index=&#8220;0&#8243; desktop_visibility=&#8220;yes&#8220; medium_visibility=&#8220;yes&#8220; mobile_visibility=&#8220;yes&#8220; el_class=&#8220;inverted-device-order tre-punti-pdf display-none&#8220; uncode_shortcode_id=&#8220;152757&#8243;][vc_column column_width_percent=&#8220;100&#8243; position_vertical=&#8220;middle&#8220; gutter_size=&#8220;3&#8243; override_padding=&#8220;yes&#8220; column_padding=&#8220;3&#8243; back_color=&#8220;color-lxmt&#8220; overlay_alpha=&#8220;50&#8243; shift_x=&#8220;0&#8243; shift_y=&#8220;0&#8243; shift_y_down=&#8220;0&#8243; z_index=&#8220;0&#8243; medium_width=&#8220;0&#8243; mobile_width=&#8220;0&#8243; radius=&#8220;sm&#8220; width=&#8220;1\/3&#8243; uncode_shortcode_id=&#8220;110185&#8243; back_color_type=&#8220;uncode-palette&#8220;][vc_custom_heading subheading=&#8220;La presentazione mostra alcuni aspetti vantaggiosi o piacevoli nell\u2019utilizzo delle biciclette elettriche rispetto ad altri mezzi di trasporto.&#8220; uncode_shortcode_id=&#8220;170072&#8243;]Bicicletta elettrica, perch\u00e8?[\/vc_custom_heading][vc_button size=&#8220;btn-link&#8220; icon_position=&#8220;right&#8220; icon=&#8220;fa fa-arrow-right2&#8243; link=&#8220;url:https%3A%2F%2Fz-bike.ch%2Fwp-content%2Fuploads%2F2023%2F07%2FBiciclettaElettricaPerche.pdf|target:_blank&#8220; uncode_shortcode_id=&#8220;916515&#8243;]SCARICA PDF[\/vc_button][\/vc_column][vc_column column_width_percent=&#8220;100&#8243; gutter_size=&#8220;3&#8243; override_padding=&#8220;yes&#8220; column_padding=&#8220;3&#8243; back_color=&#8220;color-lxmt&#8220; overlay_alpha=&#8220;50&#8243; shift_x=&#8220;0&#8243; shift_y=&#8220;0&#8243; shift_y_down=&#8220;0&#8243; z_index=&#8220;0&#8243; medium_width=&#8220;0&#8243; mobile_width=&#8220;0&#8243; radius=&#8220;sm&#8220; width=&#8220;1\/3&#8243; uncode_shortcode_id=&#8220;271954&#8243; back_color_type=&#8220;uncode-palette&#8220;][vc_custom_heading subheading=&#8220;La bicicletta elettrica \u00e8 un mezzo relativamente nuovo che si \u00e8 affacciato da poco sul mercato, ma mostra delle potenzialit\u00e0 nascoste interessantissime.&#8220; uncode_shortcode_id=&#8220;191459&#8243;]Bicicletta elettrica, libert\u00e0 e salute[\/vc_custom_heading][vc_button size=&#8220;btn-link&#8220; icon_position=&#8220;right&#8220; icon=&#8220;fa fa-arrow-right2&#8243; link=&#8220;url:https%3A%2F%2Fz-bike.ch%2Fwp-content%2Fuploads%2F2023%2F07%2FBiciclettaElettricaLibertaSalute.pdf|target:_blank&#8220; uncode_shortcode_id=&#8220;193171&#8243;]SCARICA PDF[\/vc_button][\/vc_column][vc_column column_width_percent=&#8220;100&#8243; gutter_size=&#8220;3&#8243; override_padding=&#8220;yes&#8220; column_padding=&#8220;3&#8243; back_color=&#8220;color-lxmt&#8220; overlay_alpha=&#8220;50&#8243; shift_x=&#8220;0&#8243; shift_y=&#8220;0&#8243; shift_y_down=&#8220;0&#8243; z_index=&#8220;0&#8243; medium_width=&#8220;0&#8243; mobile_width=&#8220;0&#8243; radius=&#8220;sm&#8220; width=&#8220;1\/3&#8243; uncode_shortcode_id=&#8220;660839&#8243; back_color_type=&#8220;uncode-palette&#8220;][vc_custom_heading subheading=&#8220;In questa presentazione non vogliamo mostrare il risultato di una ricerca accademica, ma alcuni aspetti di cui secondo noi \u00e8 opportuno riflettere.&#8220; uncode_shortcode_id=&#8220;183644&#8243;]Impatto ambientale dei veicoli elettrici[\/vc_custom_heading][vc_button size=&#8220;btn-link&#8220; icon_position=&#8220;right&#8220; icon=&#8220;fa fa-arrow-right2&#8243; link=&#8220;url:https%3A%2F%2Fz-bike.ch%2Fwp-content%2Fuploads%2F2023%2F07%2Fimpatto_ambientale_dei_veicoli_elettrici.pdf|target:_blank&#8220; uncode_shortcode_id=&#8220;114100&#8243;]SCARICA PDF[\/vc_button][\/vc_column][\/vc_row][vc_row row_height_percent=&#8220;0&#8243; override_padding=&#8220;yes&#8220; h_padding=&#8220;2&#8243; top_padding=&#8220;5&#8243; bottom_padding=&#8220;5&#8243; overlay_alpha=&#8220;50&#8243; gutter_size=&#8220;100&#8243; column_width_percent=&#8220;100&#8243; shift_y=&#8220;0&#8243; z_index=&#8220;0&#8243; style=&#8220;inherited&#8220; uncode_shortcode_id=&#8220;643930&#8243; el_class=&#8220;team-about&#8220;][vc_column column_width_percent=&#8220;100&#8243; align_horizontal=&#8220;align_center&#8220; gutter_size=&#8220;3&#8243; overlay_alpha=&#8220;50&#8243; shift_x=&#8220;0&#8243; shift_y=&#8220;0&#8243; shift_y_down=&#8220;0&#8243; z_index=&#8220;0&#8243; medium_width=&#8220;0&#8243; mobile_width=&#8220;0&#8243; zoom_width=&#8220;0&#8243; zoom_height=&#8220;0&#8243; width=&#8220;1\/1&#8243; uncode_shortcode_id=&#8220;500010&#8243;][vc_custom_heading text_color=&#8220;color-jevc&#8220; heading_semantic=&#8220;h4&#8243; text_size=&#8220;fontsize-155944&#8243; text_weight=&#8220;900&#8243; uncode_shortcode_id=&#8220;150123&#8243; text_color_type=&#8220;uncode-palette&#8220; subheading=&#8220;Die gesichter von Z-Bike&#8220;]Unser team[\/vc_custom_heading][vc_gallery el_id=&#8220;gallery-3184624&#8243; type=&#8220;carousel&#8220; medias=&#8220;120048,120049,120051&#8243; carousel_lg=&#8220;3&#8243; carousel_md=&#8220;3&#8243; carousel_sm=&#8220;1&#8243; gutter_size=&#8220;3&#8243; media_items=&#8220;media|custom_link|original,title,caption,sep-one|full,description&#8220; carousel_interval=&#8220;3000&#8243; carousel_navspeed=&#8220;400&#8243; stage_padding=&#8220;0&#8243; single_text=&#8220;under&#8220; single_back_color=&#8220;color-xsdn&#8220; single_overlay_opacity=&#8220;65&#8243; single_overlay_anim=&#8220;no&#8220; single_text_anim=&#8220;no&#8220; single_image_color_anim=&#8220;yes&#8220; single_image_anim=&#8220;no&#8220; single_h_align=&#8220;center&#8220; single_padding=&#8220;2&#8243; single_title_dimension=&#8220;h5&#8243; single_border=&#8220;yes&#8220; lbox_title=&#8220;yes&#8220; lbox_caption=&#8220;yes&#8220; carousel_rtl=&#8220;&#8220; single_half_padding=&#8220;yes&#8220; single_title_serif=&#8220;&#8220; single_no_background=&#8220;yes&#8220; items=&#8220;eyIxMzc2M19pIjp7InNpbmdsZV9saW5rIjoidXJsOmh0dHAlM0ElMkYlMkZ3d3cudW5kc2duLmNvbXx8dGFyZ2V0OiUyMF9ibGFuayJ9LCIxMzc2OV9pIjp7InNpbmdsZV9saW5rIjoidXJsOmh0dHAlM0ElMkYlMkZ3d3cudW5kc2duLmNvbXx8dGFyZ2V0OiUyMF9ibGFuayJ9LCIxMzc3MF9pIjp7InNpbmdsZV9saW5rIjoidXJsOmh0dHAlM0ElMkYlMkZ3d3cudW5kc2duLmNvbXx8dGFyZ2V0OiUyMF9ibGFuayJ9LCIxMzc2Nl9pIjp7InNpbmdsZV9saW5rIjoidXJsOmh0dHAlM0ElMkYlMkZ3d3cudW5kc2duLmNvbXx8dGFyZ2V0OiUyMF9ibGFuayJ9LCIxM19pIjp7InNpbmdsZV90aXRsZV9kaW1lbnNpb24iOiJoMyIsInNpbmdsZV90ZXh0X2xlYWQiOiJ5ZXMifSwiMTIwMDQ4X2kiOnsic2luZ2xlX3RpdGxlX2RpbWVuc2lvbiI6ImgzIn0sIjEyMDA0OV9pIjp7InNpbmdsZV90aXRsZV9kaW1lbnNpb24iOiJoMyJ9LCIxMjAwNTFfaSI6eyJzaW5nbGVfdGl0bGVfZGltZW5zaW9uIjoiaDMifX0=&#8220; uncode_shortcode_id=&#8220;712788&#8243;][\/vc_column][\/vc_row]<\/p>\n<\/section>","protected":false},"excerpt":{"rendered":"<p>[vc_row row_height_percent=&#8220;0&#8243; override_padding=&#8220;yes&#8220; h_padding=&#8220;2&#8243; top_padding=&#8220;6&#8243; bottom_padding=&#8220;6&#8243; back_color=&#8220;color-wayh&#8220; back_image=&#8220;118803&#8243; back_position=&#8220;center center&#8220; parallax=&#8220;yes&#8220; overlay_color=&#8220;color-wayh&#8220; overlay_alpha=&#8220;50&#8243; gutter_size=&#8220;3&#8243; column_width_percent=&#8220;100&#8243; shift_y=&#8220;0&#8243; z_index=&#8220;0&#8243; top_divider=&#8220;gradient&#8220; uncode_shortcode_id=&#8220;107586&#8243; back_color_type=&#8220;uncode-palette&#8220; [&hellip;]<\/p>\n","protected":false},"author":1,"featured_media":0,"parent":0,"menu_order":0,"comment_status":"closed","ping_status":"closed","template":"","meta":{"footnotes":""},"yoast_head":"<!-- This site is optimized with the Yoast SEO plugin v23.6 - https:\/\/yoast.com\/wordpress\/plugins\/seo\/ -->\n<title>\u00dcber uns - Z-Bike<\/title>\n<meta name=\"robots\" content=\"index, follow, max-snippet:-1, max-image-preview:large, max-video-preview:-1\" \/>\n<link rel=\"canonical\" href=\"https:\/\/z-bike.ch\/chi-siamo\/\" \/>\n<meta property=\"og:locale\" content=\"de_DE\" \/>\n<meta property=\"og:type\" content=\"article\" \/>\n<meta property=\"og:title\" content=\"\u00dcber uns - Z-Bike\" \/>\n<meta property=\"og:description\" content=\"[vc_row row_height_percent=&#8220;0&#8243; override_padding=&#8220;yes&#8220; h_padding=&#8220;2&#8243; top_padding=&#8220;6&#8243; bottom_padding=&#8220;6&#8243; back_color=&#8220;color-wayh&#8220; back_image=&#8220;118803&#8243; back_position=&#8220;center center&#8220; parallax=&#8220;yes&#8220; overlay_color=&#8220;color-wayh&#8220; overlay_alpha=&#8220;50&#8243; gutter_size=&#8220;3&#8243; column_width_percent=&#8220;100&#8243; shift_y=&#8220;0&#8243; z_index=&#8220;0&#8243; top_divider=&#8220;gradient&#8220; uncode_shortcode_id=&#8220;107586&#8243; back_color_type=&#8220;uncode-palette&#8220; [&hellip;]\" \/>\n<meta property=\"og:url\" content=\"https:\/\/z-bike.ch\/chi-siamo\/\" \/>\n<meta property=\"og:site_name\" content=\"Z-Bike\" \/>\n<meta property=\"article:publisher\" content=\"https:\/\/www.facebook.com\/zbikelugano\" \/>\n<meta property=\"article:modified_time\" content=\"2024-01-12T10:55:24+00:00\" \/>\n<meta property=\"og:image\" content=\"https:\/\/z-bike.ch\/wp-content\/uploads\/2025\/10\/Captura-de-tela-2025-10-16-161440.jpg\" \/>\n\t<meta property=\"og:image:width\" content=\"1700\" \/>\n\t<meta property=\"og:image:height\" content=\"1054\" \/>\n\t<meta property=\"og:image:type\" content=\"image\/jpeg\" \/>\n<meta name=\"twitter:card\" content=\"summary_large_image\" \/>\n<meta name=\"twitter:label1\" content=\"Gesch\u00e4tzte Lesezeit\" \/>\n\t<meta name=\"twitter:data1\" content=\"10\u00a0Minuten\" \/>\n<script type=\"application\/ld+json\" class=\"yoast-schema-graph\">{\"@context\":\"https:\/\/schema.org\",\"@graph\":[{\"@type\":\"WebPage\",\"@id\":\"https:\/\/z-bike.ch\/chi-siamo\/\",\"url\":\"https:\/\/z-bike.ch\/chi-siamo\/\",\"name\":\"\u00dcber uns - Z-Bike\",\"isPartOf\":{\"@id\":\"https:\/\/z-bike.ch\/#website\"},\"datePublished\":\"2021-03-18T13:13:41+00:00\",\"dateModified\":\"2024-01-12T10:55:24+00:00\",\"breadcrumb\":{\"@id\":\"https:\/\/z-bike.ch\/chi-siamo\/#breadcrumb\"},\"inLanguage\":\"de\",\"potentialAction\":[{\"@type\":\"ReadAction\",\"target\":[\"https:\/\/z-bike.ch\/chi-siamo\/\"]}]},{\"@type\":\"BreadcrumbList\",\"@id\":\"https:\/\/z-bike.ch\/chi-siamo\/#breadcrumb\",\"itemListElement\":[{\"@type\":\"ListItem\",\"position\":1,\"name\":\"Home\",\"item\":\"https:\/\/z-bike.ch\/de\/\"},{\"@type\":\"ListItem\",\"position\":2,\"name\":\"\u00dcber uns\"}]},{\"@type\":\"WebSite\",\"@id\":\"https:\/\/z-bike.ch\/#website\",\"url\":\"https:\/\/z-bike.ch\/\",\"name\":\"Z-Bike\",\"description\":\"Bici Elettriche Online Svizzera: Miglior Prezzo | Consegna Rapida\",\"publisher\":{\"@id\":\"https:\/\/z-bike.ch\/#organization\"},\"alternateName\":\"ZBike\",\"potentialAction\":[{\"@type\":\"SearchAction\",\"target\":{\"@type\":\"EntryPoint\",\"urlTemplate\":\"https:\/\/z-bike.ch\/?s={search_term_string}\"},\"query-input\":{\"@type\":\"PropertyValueSpecification\",\"valueRequired\":true,\"valueName\":\"search_term_string\"}}],\"inLanguage\":\"de\"},{\"@type\":\"Organization\",\"@id\":\"https:\/\/z-bike.ch\/#organization\",\"name\":\"Z-Bike\",\"url\":\"https:\/\/z-bike.ch\/\",\"logo\":{\"@type\":\"ImageObject\",\"inLanguage\":\"de\",\"@id\":\"https:\/\/z-bike.ch\/#\/schema\/logo\/image\/\",\"url\":\"https:\/\/z-bike.ch\/wp-content\/uploads\/2023\/07\/logo_z-bike_ori.svg\",\"contentUrl\":\"https:\/\/z-bike.ch\/wp-content\/uploads\/2023\/07\/logo_z-bike_ori.svg\",\"width\":1,\"height\":1,\"caption\":\"Z-Bike\"},\"image\":{\"@id\":\"https:\/\/z-bike.ch\/#\/schema\/logo\/image\/\"},\"sameAs\":[\"https:\/\/www.facebook.com\/zbikelugano\",\"https:\/\/www.instagram.com\/zbike.ebike\"]}]}<\/script>\n<!-- \/ Yoast SEO plugin. -->","yoast_head_json":{"title":"\u00dcber uns - Z-Bike","robots":{"index":"index","follow":"follow","max-snippet":"max-snippet:-1","max-image-preview":"max-image-preview:large","max-video-preview":"max-video-preview:-1"},"canonical":"https:\/\/z-bike.ch\/chi-siamo\/","og_locale":"de_DE","og_type":"article","og_title":"\u00dcber uns - Z-Bike","og_description":"[vc_row row_height_percent=&#8220;0&#8243; override_padding=&#8220;yes&#8220; h_padding=&#8220;2&#8243; top_padding=&#8220;6&#8243; bottom_padding=&#8220;6&#8243; back_color=&#8220;color-wayh&#8220; back_image=&#8220;118803&#8243; back_position=&#8220;center center&#8220; parallax=&#8220;yes&#8220; overlay_color=&#8220;color-wayh&#8220; overlay_alpha=&#8220;50&#8243; gutter_size=&#8220;3&#8243; column_width_percent=&#8220;100&#8243; shift_y=&#8220;0&#8243; z_index=&#8220;0&#8243; top_divider=&#8220;gradient&#8220; uncode_shortcode_id=&#8220;107586&#8243; back_color_type=&#8220;uncode-palette&#8220; [&hellip;]","og_url":"https:\/\/z-bike.ch\/chi-siamo\/","og_site_name":"Z-Bike","article_publisher":"https:\/\/www.facebook.com\/zbikelugano","article_modified_time":"2024-01-12T10:55:24+00:00","og_image":[{"width":1700,"height":1054,"url":"https:\/\/z-bike.ch\/wp-content\/uploads\/2025\/10\/Captura-de-tela-2025-10-16-161440.jpg","type":"image\/jpeg"}],"twitter_card":"summary_large_image","twitter_misc":{"Gesch\u00e4tzte Lesezeit":"10\u00a0Minuten"},"schema":{"@context":"https:\/\/schema.org","@graph":[{"@type":"WebPage","@id":"https:\/\/z-bike.ch\/chi-siamo\/","url":"https:\/\/z-bike.ch\/chi-siamo\/","name":"\u00dcber uns - Z-Bike","isPartOf":{"@id":"https:\/\/z-bike.ch\/#website"},"datePublished":"2021-03-18T13:13:41+00:00","dateModified":"2024-01-12T10:55:24+00:00","breadcrumb":{"@id":"https:\/\/z-bike.ch\/chi-siamo\/#breadcrumb"},"inLanguage":"de","potentialAction":[{"@type":"ReadAction","target":["https:\/\/z-bike.ch\/chi-siamo\/"]}]},{"@type":"BreadcrumbList","@id":"https:\/\/z-bike.ch\/chi-siamo\/#breadcrumb","itemListElement":[{"@type":"ListItem","position":1,"name":"Home","item":"https:\/\/z-bike.ch\/de\/"},{"@type":"ListItem","position":2,"name":"\u00dcber uns"}]},{"@type":"WebSite","@id":"https:\/\/z-bike.ch\/#website","url":"https:\/\/z-bike.ch\/","name":"Z-Bike","description":"Bici Elettriche Online Svizzera: Miglior Prezzo | Consegna Rapida","publisher":{"@id":"https:\/\/z-bike.ch\/#organization"},"alternateName":"ZBike","potentialAction":[{"@type":"SearchAction","target":{"@type":"EntryPoint","urlTemplate":"https:\/\/z-bike.ch\/?s={search_term_string}"},"query-input":{"@type":"PropertyValueSpecification","valueRequired":true,"valueName":"search_term_string"}}],"inLanguage":"de"},{"@type":"Organization","@id":"https:\/\/z-bike.ch\/#organization","name":"Z-Bike","url":"https:\/\/z-bike.ch\/","logo":{"@type":"ImageObject","inLanguage":"de","@id":"https:\/\/z-bike.ch\/#\/schema\/logo\/image\/","url":"https:\/\/z-bike.ch\/wp-content\/uploads\/2023\/07\/logo_z-bike_ori.svg","contentUrl":"https:\/\/z-bike.ch\/wp-content\/uploads\/2023\/07\/logo_z-bike_ori.svg","width":1,"height":1,"caption":"Z-Bike"},"image":{"@id":"https:\/\/z-bike.ch\/#\/schema\/logo\/image\/"},"sameAs":["https:\/\/www.facebook.com\/zbikelugano","https:\/\/www.instagram.com\/zbike.ebike"]}]}},"_links":{"self":[{"href":"https:\/\/z-bike.ch\/de\/wp-json\/wp\/v2\/pages\/122009"}],"collection":[{"href":"https:\/\/z-bike.ch\/de\/wp-json\/wp\/v2\/pages"}],"about":[{"href":"https:\/\/z-bike.ch\/de\/wp-json\/wp\/v2\/types\/page"}],"author":[{"embeddable":true,"href":"https:\/\/z-bike.ch\/de\/wp-json\/wp\/v2\/users\/1"}],"replies":[{"embeddable":true,"href":"https:\/\/z-bike.ch\/de\/wp-json\/wp\/v2\/comments?post=122009"}],"version-history":[{"count":0,"href":"https:\/\/z-bike.ch\/de\/wp-json\/wp\/v2\/pages\/122009\/revisions"}],"wp:attachment":[{"href":"https:\/\/z-bike.ch\/de\/wp-json\/wp\/v2\/media?parent=122009"}],"curies":[{"name":"wp","href":"https:\/\/api.w.org\/{rel}","templated":true}]}}